{"id":2020,"date":"2025-03-21T16:56:11","date_gmt":"2025-03-21T16:56:11","guid":{"rendered":"https:\/\/www.albirabogados.com\/?page_id=2020"},"modified":"2025-03-21T19:16:12","modified_gmt":"2025-03-21T19:16:12","slug":"taxes-for-non-residents","status":"publish","type":"page","link":"https:\/\/albirabogados.com\/pl\/taxes-for-non-residents\/","title":{"rendered":"Podatki od nierezydent\u00f3w"},"content":{"rendered":"<p>[et_pb_section fb_built=&#8221;1&#8243; _builder_version=&#8221;4.16&#8243; background_color=&#8221;rgba(3,19,43,0.73)&#8221; background_image=&#8221;https:\/\/www.albirabogados.com\/wp-content\/uploads\/2020\/02\/albirabogados-taxes.jpg&#8221; background_blend=&#8221;multiply&#8221; custom_padding=&#8221;100px|0px|100px|0px|true|false&#8221; global_colors_info=&#8221;{}&#8221;][et_pb_row _builder_version=&#8221;4.16&#8243; global_colors_info=&#8221;{}&#8221;][et_pb_column type=&#8221;4_4&#8243; _builder_version=&#8221;4.16&#8243; custom_padding=&#8221;|||&#8221; global_colors_info=&#8221;{}&#8221; custom_padding__hover=&#8221;|||&#8221;][et_pb_text _builder_version=&#8221;4.23.1&#8243; text_font=&#8221;||||||||&#8221; header_font=&#8221;||||||||&#8221; header_2_font=&#8221;||||||||&#8221; header_2_font_size=&#8221;46px&#8221; text_orientation=&#8221;center&#8221; background_layout=&#8221;dark&#8221; global_colors_info=&#8221;{}&#8221;]<\/p>\n<h1 style=\"font-size: 46px;\">Podatki od nierezydent\u00f3w<\/h1>\n<p>Ka\u017cdy nierezydent posiadaj\u0105cy nieruchomo\u015b\u0107 w Hiszpanii jest zobowi\u0105zany do z\u0142o\u017cenia rocznej deklaracji podatkowej<\/p>\n<p>[\/et_pb_text][\/et_pb_column][\/et_pb_row][\/et_pb_section][et_pb_section fb_built=&#8221;1&#8243; _builder_version=&#8221;4.16&#8243; custom_padding=&#8221;54px|0px|54px|0px|true|false&#8221; global_colors_info=&#8221;{}&#8221;][et_pb_row _builder_version=&#8221;4.16&#8243; custom_padding=&#8221;12px|0px|0|0px|false|false&#8221; global_colors_info=&#8221;{}&#8221;][et_pb_column type=&#8221;4_4&#8243; _builder_version=&#8221;4.16&#8243; custom_padding=&#8221;|||&#8221; global_colors_info=&#8221;{}&#8221; custom_padding__hover=&#8221;|||&#8221;][et_pb_text _builder_version=&#8221;4.23.1&#8243; global_colors_info=&#8221;{}&#8221;]<\/p>\n<p>Deklaracj\u0119 za ka\u017cdy rok nale\u017cy z\u0142o\u017cy\u0107 przed 31 grudnia nast\u0119pnego roku. Formularz nosi nazw\u0119 210. Je\u015bli jeste\u015b w\u0142a\u015bcicielem nieruchomo\u015bci i korzystasz z niej tylko dla siebie, b\u0119dziesz musia\u0142 z\u0142o\u017cy\u0107 jedn\u0105 roczn\u0105 deklaracj\u0119 na osob\u0119 i na nieruchomo\u015b\u0107. Je\u015bli wynajmujesz r\u00f3wnie\u017c swoj\u0105 nieruchomo\u015b\u0107, b\u0119dziesz musia\u0142 r\u00f3wnie\u017c z\u0142o\u017cy\u0107 roczn\u0105 deklaracj\u0119 za czas, w kt\u00f3rym nieruchomo\u015b\u0107 by\u0142a wynajmowana i b\u0119dziesz musia\u0142 zadeklarowa\u0107 doch\u00f3d uzyskany z wynajmu i b\u0119dziesz musia\u0142 zap\u0142aci\u0107 od niego podatek.<\/p>\n<p>W zale\u017cno\u015bci od kraju pochodzenia b\u0119dziesz m\u00f3g\u0142 odliczy\u0107 niekt\u00f3re koszty zwi\u0105zane z nieruchomo\u015bci\u0105. Je\u015bli nie wiedzia\u0142e\u015b o obowi\u0105zku z\u0142o\u017cenia tej deklaracji podatkowej i powiniene\u015b by\u0142 j\u0105 z\u0142o\u017cy\u0107 w poprzednich latach, mo\u017cliwe jest z\u0142o\u017cenie sp\u00f3\u017anionej deklaracji, ale zostaniesz poproszony o zap\u0142acenie niewielkiej grzywny. Im p\u00f3\u017aniej j\u0105 z\u0142o\u017cysz, tym wi\u0119ksza b\u0119dzie grzywna, wi\u0119c im szybciej, tym lepiej.<\/p>\n<p>[\/et_pb_text][\/et_pb_column][\/et_pb_row][\/et_pb_section][et_pb_section fb_built=&#8221;1&#8243; _builder_version=&#8221;4.16&#8243; background_color=&#8221;#f5f5f5&#8243; background_image=&#8221;https:\/\/www.albirabogados.com\/wp-content\/uploads\/2019\/05\/albirabodagos-fondo-inheritance-01-1.jpg&#8221; background_position=&#8221;center_left&#8221; global_colors_info=&#8221;{}&#8221;][et_pb_row column_structure=&#8221;1_2,1_2&#8243; _builder_version=&#8221;4.16&#8243; global_colors_info=&#8221;{}&#8221;][et_pb_column type=&#8221;1_2&#8243; _builder_version=&#8221;4.16&#8243; custom_padding=&#8221;|||&#8221; global_colors_info=&#8221;{}&#8221; custom_padding__hover=&#8221;|||&#8221;][et_pb_text _builder_version=&#8221;4.23.1&#8243; text_font=&#8221;||||||||&#8221; background_layout=&#8221;dark&#8221; global_colors_info=&#8221;{}&#8221;]<\/p>\n<h3>Od ka\u017cdej nieruchomo\u015bci nale\u017cy r\u00f3wnie\u017c zap\u0142aci\u0107 podatki lokalne:<\/h3>\n<p>[\/et_pb_text][et_pb_blurb title=&#8221;IBI (podatek od nieruchomo\u015bci)&#8221; use_icon=&#8221;on&#8221; font_icon=&#8221;&#x5a;||divi||400&#8243; icon_color=&#8221;#ffffff&#8221; icon_placement=&#8221;left&#8221; image_icon_width=&#8221;25px&#8221; _builder_version=&#8221;4.23.1&#8243; header_font=&#8221;|600|||||||&#8221; background_layout=&#8221;dark&#8221; custom_margin=&#8221;||16px&#8221; icon_font_size=&#8221;25px&#8221; global_colors_info=&#8221;{}&#8221;]<\/p>\n<p>Podatek ten p\u0142aci si\u0119 raz w roku. Pora roku, w kt\u00f3rej nale\u017cy zap\u0142aci\u0107 ten podatek, zale\u017cy od miasta, w kt\u00f3rym znajduje si\u0119 nieruchomo\u015b\u0107.<\/p>\n<p>[\/et_pb_blurb][et_pb_blurb title=&#8221;Podatek za \u015bmieci&#8221; use_icon=&#8221;on&#8221; font_icon=&#8221;&#x5a;||divi||400&#8243; icon_color=&#8221;#ffffff&#8221; icon_placement=&#8221;left&#8221; image_icon_width=&#8221;25px&#8221; _builder_version=&#8221;4.23.1&#8243; header_font=&#8221;|600|||||||&#8221; background_layout=&#8221;dark&#8221; custom_margin=&#8221;||16px&#8221; icon_font_size=&#8221;25px&#8221; global_colors_info=&#8221;{}&#8221;]<\/p>\n<p>Podatek ten jest p\u0142acony raz lub dwa razy w roku, poniewa\u017c istniej\u0105 rady, kt\u00f3re dziel\u0105 p\u0142atno\u015b\u0107 na 2 cz\u0119\u015bci, a pora roku, w kt\u00f3rej nale\u017cy zap\u0142aci\u0107 ten podatek, zale\u017cy od miasta, w kt\u00f3rym znajduje si\u0119 nieruchomo\u015b\u0107.<\/p>\n<p>[\/et_pb_blurb][\/et_pb_column][et_pb_column type=&#8221;1_2&#8243; _builder_version=&#8221;4.16&#8243; custom_padding=&#8221;|||&#8221; global_colors_info=&#8221;{}&#8221; custom_padding__hover=&#8221;|||&#8221;][\/et_pb_column][\/et_pb_row][\/et_pb_section][et_pb_section fb_built=&#8221;1&#8243; _builder_version=&#8221;4.23.1&#8243; background_image=&#8221;https:\/\/www.albirabogados.com\/wp-content\/uploads\/2025\/03\/Oficina-2.jpg&#8221; custom_padding=&#8221;130px|0px|130px|0px|true|false&#8221; saved_tabs=&#8221;all&#8221; locked=&#8221;off&#8221; global_colors_info=&#8221;{}&#8221;][et_pb_row _builder_version=&#8221;4.16&#8243; global_colors_info=&#8221;{}&#8221;][et_pb_column type=&#8221;4_4&#8243; _builder_version=&#8221;4.16&#8243; custom_padding=&#8221;|||&#8221; global_colors_info=&#8221;{}&#8221; custom_padding__hover=&#8221;|||&#8221;][et_pb_text _builder_version=&#8221;4.23.1&#8243; text_font=&#8221;||||||||&#8221; text_font_size=&#8221;20px&#8221; header_font=&#8221;||||||||&#8221; header_2_font=&#8221;||||||||&#8221; header_2_font_size=&#8221;46px&#8221; text_orientation=&#8221;center&#8221; background_layout=&#8221;dark&#8221; text_text_shadow_style=&#8221;preset3&#8243; global_colors_info=&#8221;{}&#8221;]<\/p>\n<h2>Jeste\u015bmy lud\u017ami, kt\u00f3rzy pracuj\u0105 dla ludzi<\/h2>\n<p>\u015awiadczymy pe\u0142en zakres us\u0142ug, kt\u00f3rym mo\u017cesz zaufa\u0107.<\/p>\n<p>[\/et_pb_text][et_pb_button button_url=&#8221;\/contact\/&#8221; button_text=&#8221;skontaktuj si\u0119 z nami&#8221; button_alignment=&#8221;center&#8221; _builder_version=&#8221;4.23.1&#8243; background_layout=&#8221;dark&#8221; global_colors_info=&#8221;{}&#8221;][\/et_pb_button][\/et_pb_column][\/et_pb_row][\/et_pb_section]<\/p>\n","protected":false},"excerpt":{"rendered":"<p>Podatki od nierezydent\u00f3w Ka\u017cdy nierezydent posiadaj\u0105cy nieruchomo\u015b\u0107 w Hiszpanii jest zobowi\u0105zany do z\u0142o\u017cenia rocznej deklaracji podatkowejDeklaracj\u0119 za ka\u017cdy rok nale\u017cy z\u0142o\u017cy\u0107 przed 31 grudnia nast\u0119pnego roku. Formularz nosi nazw\u0119 210. Je\u015bli jeste\u015b w\u0142a\u015bcicielem nieruchomo\u015bci i korzystasz z niej tylko dla siebie, b\u0119dziesz musia\u0142 z\u0142o\u017cy\u0107 jedn\u0105 roczn\u0105 deklaracj\u0119 na osob\u0119 i na nieruchomo\u015b\u0107. Je\u015bli wynajmujesz r\u00f3wnie\u017c [&hellip;]<\/p>\n","protected":false},"author":4,"featured_media":0,"parent":0,"menu_order":0,"comment_status":"closed","ping_status":"closed","template":"","meta":{"_et_pb_use_builder":"on","_et_pb_old_content":"<!-- wp:divi\/placeholder \/-->","_et_gb_content_width":"","footnotes":""},"class_list":["post-2020","page","type-page","status-publish","hentry"],"yoast_head":"<!-- This site is optimized with the Yoast SEO plugin v27.4 - https:\/\/yoast.com\/product\/yoast-seo-wordpress\/ -->\n<title>Podatki od nierezydent\u00f3w - Albir Abogados \u00b7 International Law Firm since 1999<\/title>\n<meta name=\"description\" content=\"Podatki od nierezydent\u00f3w. Firm of Spanish Lawyers and advisers specialized in property law, inheritance law, litigation and tax law.\" \/>\n<meta name=\"robots\" content=\"index, follow, max-snippet:-1, max-image-preview:large, max-video-preview:-1\" \/>\n<link rel=\"canonical\" href=\"https:\/\/albirabogados.com\/taxes-for-non-residents\/\" \/>\n<meta property=\"og:locale\" content=\"pl_PL\" \/>\n<meta property=\"og:type\" content=\"article\" \/>\n<meta property=\"og:title\" content=\"Podatki od nierezydent\u00f3w - Albir Abogados \u00b7 International Law Firm since 1999\" \/>\n<meta property=\"og:description\" content=\"Podatki od nierezydent\u00f3w. Firm of Spanish Lawyers and advisers specialized in property law, inheritance law, litigation and tax law.\" \/>\n<meta property=\"og:url\" content=\"https:\/\/albirabogados.com\/taxes-for-non-residents\/\" \/>\n<meta property=\"og:site_name\" content=\"Albir Abogados \u00b7 International Law Firm since 1999\" \/>\n<meta property=\"article:publisher\" content=\"https:\/\/www.facebook.com\/albirabogados\" \/>\n<meta property=\"article:modified_time\" content=\"2025-03-21T19:16:12+00:00\" \/>\n<meta name=\"twitter:card\" content=\"summary_large_image\" \/>\n<meta name=\"twitter:label1\" content=\"Szacowany czas czytania\" \/>\n\t<meta name=\"twitter:data1\" content=\"2 minuty\" \/>\n<script type=\"application\/ld+json\" class=\"yoast-schema-graph\">{\"@context\":\"https:\\\/\\\/schema.org\",\"@graph\":[{\"@type\":\"WebPage\",\"@id\":\"https:\\\/\\\/albirabogados.com\\\/taxes-for-non-residents\\\/\",\"url\":\"https:\\\/\\\/albirabogados.com\\\/taxes-for-non-residents\\\/\",\"name\":\"Podatki od nierezydent\u00f3w - Albir Abogados \u00b7 International Law Firm since 1999\",\"isPartOf\":{\"@id\":\"https:\\\/\\\/albirabogados.com\\\/#website\"},\"datePublished\":\"2025-03-21T16:56:11+00:00\",\"dateModified\":\"2025-03-21T19:16:12+00:00\",\"description\":\"Podatki od nierezydent\u00f3w. Firm of Spanish Lawyers and advisers specialized in property law, inheritance law, litigation and tax law.\",\"breadcrumb\":{\"@id\":\"https:\\\/\\\/albirabogados.com\\\/taxes-for-non-residents\\\/#breadcrumb\"},\"inLanguage\":\"pl-PL\",\"potentialAction\":[{\"@type\":\"ReadAction\",\"target\":[\"https:\\\/\\\/albirabogados.com\\\/taxes-for-non-residents\\\/\"]}]},{\"@type\":\"BreadcrumbList\",\"@id\":\"https:\\\/\\\/albirabogados.com\\\/taxes-for-non-residents\\\/#breadcrumb\",\"itemListElement\":[{\"@type\":\"ListItem\",\"position\":1,\"name\":\"Home\",\"item\":\"https:\\\/\\\/albirabogados.com\\\/pl\\\/\"},{\"@type\":\"ListItem\",\"position\":2,\"name\":\"Podatki od nierezydent\u00f3w\"}]},{\"@type\":\"WebSite\",\"@id\":\"https:\\\/\\\/albirabogados.com\\\/#website\",\"url\":\"https:\\\/\\\/albirabogados.com\\\/\",\"name\":\"Albir Abogados \u00b7 International Law Firm since 1999\",\"description\":\"International Law Firm since 1999\",\"publisher\":{\"@id\":\"https:\\\/\\\/albirabogados.com\\\/#organization\"},\"potentialAction\":[{\"@type\":\"SearchAction\",\"target\":{\"@type\":\"EntryPoint\",\"urlTemplate\":\"https:\\\/\\\/albirabogados.com\\\/?s={search_term_string}\"},\"query-input\":{\"@type\":\"PropertyValueSpecification\",\"valueRequired\":true,\"valueName\":\"search_term_string\"}}],\"inLanguage\":\"pl-PL\"},{\"@type\":\"Organization\",\"@id\":\"https:\\\/\\\/albirabogados.com\\\/#organization\",\"name\":\"Albir Abogados\",\"url\":\"https:\\\/\\\/albirabogados.com\\\/\",\"logo\":{\"@type\":\"ImageObject\",\"inLanguage\":\"pl-PL\",\"@id\":\"https:\\\/\\\/albirabogados.com\\\/#\\\/schema\\\/logo\\\/image\\\/\",\"url\":\"https:\\\/\\\/www.albirabogados.com\\\/wp-content\\\/uploads\\\/2020\\\/01\\\/albirabogados-logo-5.png\",\"contentUrl\":\"https:\\\/\\\/www.albirabogados.com\\\/wp-content\\\/uploads\\\/2020\\\/01\\\/albirabogados-logo-5.png\",\"width\":800,\"height\":269,\"caption\":\"Albir Abogados\"},\"image\":{\"@id\":\"https:\\\/\\\/albirabogados.com\\\/#\\\/schema\\\/logo\\\/image\\\/\"},\"sameAs\":[\"https:\\\/\\\/www.facebook.com\\\/albirabogados\"]}]}<\/script>\n<!-- \/ Yoast SEO plugin. -->","yoast_head_json":{"title":"Podatki od nierezydent\u00f3w - Albir Abogados \u00b7 International Law Firm since 1999","description":"Podatki od nierezydent\u00f3w. Firm of Spanish Lawyers and advisers specialized in property law, inheritance law, litigation and tax law.","robots":{"index":"index","follow":"follow","max-snippet":"max-snippet:-1","max-image-preview":"max-image-preview:large","max-video-preview":"max-video-preview:-1"},"canonical":"https:\/\/albirabogados.com\/taxes-for-non-residents\/","og_locale":"pl_PL","og_type":"article","og_title":"Podatki od nierezydent\u00f3w - Albir Abogados \u00b7 International Law Firm since 1999","og_description":"Podatki od nierezydent\u00f3w. Firm of Spanish Lawyers and advisers specialized in property law, inheritance law, litigation and tax law.","og_url":"https:\/\/albirabogados.com\/taxes-for-non-residents\/","og_site_name":"Albir Abogados \u00b7 International Law Firm since 1999","article_publisher":"https:\/\/www.facebook.com\/albirabogados","article_modified_time":"2025-03-21T19:16:12+00:00","twitter_card":"summary_large_image","twitter_misc":{"Szacowany czas czytania":"2 minuty"},"schema":{"@context":"https:\/\/schema.org","@graph":[{"@type":"WebPage","@id":"https:\/\/albirabogados.com\/taxes-for-non-residents\/","url":"https:\/\/albirabogados.com\/taxes-for-non-residents\/","name":"Podatki od nierezydent\u00f3w - Albir Abogados \u00b7 International Law Firm since 1999","isPartOf":{"@id":"https:\/\/albirabogados.com\/#website"},"datePublished":"2025-03-21T16:56:11+00:00","dateModified":"2025-03-21T19:16:12+00:00","description":"Podatki od nierezydent\u00f3w. Firm of Spanish Lawyers and advisers specialized in property law, inheritance law, litigation and tax law.","breadcrumb":{"@id":"https:\/\/albirabogados.com\/taxes-for-non-residents\/#breadcrumb"},"inLanguage":"pl-PL","potentialAction":[{"@type":"ReadAction","target":["https:\/\/albirabogados.com\/taxes-for-non-residents\/"]}]},{"@type":"BreadcrumbList","@id":"https:\/\/albirabogados.com\/taxes-for-non-residents\/#breadcrumb","itemListElement":[{"@type":"ListItem","position":1,"name":"Home","item":"https:\/\/albirabogados.com\/pl\/"},{"@type":"ListItem","position":2,"name":"Podatki od nierezydent\u00f3w"}]},{"@type":"WebSite","@id":"https:\/\/albirabogados.com\/#website","url":"https:\/\/albirabogados.com\/","name":"Albir Abogados \u00b7 International Law Firm since 1999","description":"International Law Firm since 1999","publisher":{"@id":"https:\/\/albirabogados.com\/#organization"},"potentialAction":[{"@type":"SearchAction","target":{"@type":"EntryPoint","urlTemplate":"https:\/\/albirabogados.com\/?s={search_term_string}"},"query-input":{"@type":"PropertyValueSpecification","valueRequired":true,"valueName":"search_term_string"}}],"inLanguage":"pl-PL"},{"@type":"Organization","@id":"https:\/\/albirabogados.com\/#organization","name":"Albir Abogados","url":"https:\/\/albirabogados.com\/","logo":{"@type":"ImageObject","inLanguage":"pl-PL","@id":"https:\/\/albirabogados.com\/#\/schema\/logo\/image\/","url":"https:\/\/www.albirabogados.com\/wp-content\/uploads\/2020\/01\/albirabogados-logo-5.png","contentUrl":"https:\/\/www.albirabogados.com\/wp-content\/uploads\/2020\/01\/albirabogados-logo-5.png","width":800,"height":269,"caption":"Albir Abogados"},"image":{"@id":"https:\/\/albirabogados.com\/#\/schema\/logo\/image\/"},"sameAs":["https:\/\/www.facebook.com\/albirabogados"]}]}},"_links":{"self":[{"href":"https:\/\/albirabogados.com\/pl\/wp-json\/wp\/v2\/pages\/2020","targetHints":{"allow":["GET"]}}],"collection":[{"href":"https:\/\/albirabogados.com\/pl\/wp-json\/wp\/v2\/pages"}],"about":[{"href":"https:\/\/albirabogados.com\/pl\/wp-json\/wp\/v2\/types\/page"}],"author":[{"embeddable":true,"href":"https:\/\/albirabogados.com\/pl\/wp-json\/wp\/v2\/users\/4"}],"replies":[{"embeddable":true,"href":"https:\/\/albirabogados.com\/pl\/wp-json\/wp\/v2\/comments?post=2020"}],"version-history":[{"count":4,"href":"https:\/\/albirabogados.com\/pl\/wp-json\/wp\/v2\/pages\/2020\/revisions"}],"predecessor-version":[{"id":2118,"href":"https:\/\/albirabogados.com\/pl\/wp-json\/wp\/v2\/pages\/2020\/revisions\/2118"}],"wp:attachment":[{"href":"https:\/\/albirabogados.com\/pl\/wp-json\/wp\/v2\/media?parent=2020"}],"curies":[{"name":"wp","href":"https:\/\/api.w.org\/{rel}","templated":true}]}}